{"version":"1.0","provider_name":"Immigrant Qu\u00e9bec","provider_url":"https:\/\/immigrantquebec.com\/fr","author_name":"Camille Teste","author_url":"https:\/\/immigrantquebec.com\/fr\/author\/camille-t\/","title":"Handicap et invalidit\u00e9 : \u00e9tat des lieux de l\u2019accessibilit\u00e9 au Qu\u00e9bec - Immigrant Qu\u00e9bec","type":"rich","width":600,"height":338,"html":"<blockquote class=\"wp-embedded-content\" data-secret=\"ORHj6gbknk\"><a href=\"https:\/\/immigrantquebec.com\/fr\/actualites\/handicap-invalidite-accessibilite-au-quebec\/\">Handicap et invalidit\u00e9 : \u00e9tat des lieux de l\u2019accessibilit\u00e9 au Qu\u00e9bec<\/a><\/blockquote><iframe sandbox=\"allow-scripts\" security=\"restricted\" src=\"https:\/\/immigrantquebec.com\/fr\/actualites\/handicap-invalidite-accessibilite-au-quebec\/embed\/#?secret=ORHj6gbknk\" width=\"600\" height=\"338\" title=\"\u00ab\u00a0Handicap et invalidit\u00e9 : \u00e9tat des lieux de l\u2019accessibilit\u00e9 au Qu\u00e9bec\u00a0\u00bb &#8212; Immigrant Qu\u00e9bec\" data-secret=\"ORHj6gbknk\" frameborder=\"0\" marginwidth=\"0\" marginheight=\"0\" scrolling=\"no\" class=\"wp-embedded-content\"><\/iframe><script type=\"text\/javascript\">\n\/* <![CDATA[ *\/\n\/*! This file is auto-generated *\/\n!function(d,l){\"use strict\";l.querySelector&&d.addEventListener&&\"undefined\"!=typeof URL&&(d.wp=d.wp||{},d.wp.receiveEmbedMessage||(d.wp.receiveEmbedMessage=function(e){var t=e.data;if((t||t.secret||t.message||t.value)&&!\/[^a-zA-Z0-9]\/.test(t.secret)){for(var s,r,n,a=l.querySelectorAll('iframe[data-secret=\"'+t.secret+'\"]'),o=l.querySelectorAll('blockquote[data-secret=\"'+t.secret+'\"]'),c=new RegExp(\"^https?:$\",\"i\"),i=0;i<o.length;i++)o[i].style.display=\"none\";for(i=0;i<a.length;i++)s=a[i],e.source===s.contentWindow&&(s.removeAttribute(\"style\"),\"height\"===t.message?(1e3<(r=parseInt(t.value,10))?r=1e3:~~r<200&&(r=200),s.height=r):\"link\"===t.message&&(r=new URL(s.getAttribute(\"src\")),n=new URL(t.value),c.test(n.protocol))&&n.host===r.host&&l.activeElement===s&&(d.top.location.href=t.value))}},d.addEventListener(\"message\",d.wp.receiveEmbedMessage,!1),l.addEventListener(\"DOMContentLoaded\",function(){for(var e,t,s=l.querySelectorAll(\"iframe.wp-embedded-content\"),r=0;r<s.length;r++)(t=(e=s[r]).getAttribute(\"data-secret\"))||(t=Math.random().toString(36).substring(2,12),e.src+=\"#?secret=\"+t,e.setAttribute(\"data-secret\",t)),e.contentWindow.postMessage({message:\"ready\",secret:t},\"*\")},!1)))}(window,document);\n\/\/# sourceURL=https:\/\/immigrantquebec.com\/fr\/wp-includes\/js\/wp-embed.min.js\n\/* ]]> *\/\n<\/script>\n","thumbnail_url":"https:\/\/immigrantquebec.com\/fr\/wp-content\/uploads\/2021\/12\/a696ff2d-5985-4e60-b123-3dfb1eb8b587.jpg","thumbnail_width":950,"thumbnail_height":400,"description":"\u00c0 l\u2019occasion de la Semaine canadienne de l\u2019accessibilit\u00e9, faisons l\u2019\u00e9tat des lieux de l\u2019accessibilit\u00e9 des services et des droits des personnes handicap\u00e9es \u2014 une comp\u00e9tence partag\u00e9e qui laisse aux provinces les coud\u00e9es franches en la mati\u00e8re. Au Qu\u00e9bec comme ailleurs, l\u2019accessibilit\u00e9 est un sujet sensible. Hormis quelques exceptions et projets pilotes, comme \u00ab\u2009Destination pour tous\u2009\u00bb, [&hellip;]"}