{"version":"1.0","provider_name":"Immigrant Qu\u00e9bec","provider_url":"https:\/\/immigrantquebec.com\/fr","author_name":"Marine Caleb","author_url":"https:\/\/immigrantquebec.com\/fr\/author\/marine-c\/","title":"Les travailleurs \u00e9trangers temporaires peuvent maintenant \u00e9tudier \u00e0 temps plein - Immigrant Qu\u00e9bec","type":"rich","width":600,"height":338,"html":"<blockquote class=\"wp-embedded-content\" data-secret=\"qVIz4bwBIk\"><a href=\"https:\/\/immigrantquebec.com\/fr\/actualites\/les-tet-peuvent-etudier-a-temps-plein\/\">Les travailleurs \u00e9trangers temporaires peuvent maintenant \u00e9tudier \u00e0 temps plein<\/a><\/blockquote><iframe sandbox=\"allow-scripts\" security=\"restricted\" src=\"https:\/\/immigrantquebec.com\/fr\/actualites\/les-tet-peuvent-etudier-a-temps-plein\/embed\/#?secret=qVIz4bwBIk\" width=\"600\" height=\"338\" title=\"\u00ab\u00a0Les travailleurs \u00e9trangers temporaires peuvent maintenant \u00e9tudier \u00e0 temps plein\u00a0\u00bb &#8212; Immigrant Qu\u00e9bec\" data-secret=\"qVIz4bwBIk\" frameborder=\"0\" marginwidth=\"0\" marginheight=\"0\" scrolling=\"no\" class=\"wp-embedded-content\"><\/iframe><script type=\"text\/javascript\">\n\/* <![CDATA[ *\/\n\/*! This file is auto-generated *\/\n!function(d,l){\"use strict\";l.querySelector&&d.addEventListener&&\"undefined\"!=typeof URL&&(d.wp=d.wp||{},d.wp.receiveEmbedMessage||(d.wp.receiveEmbedMessage=function(e){var t=e.data;if((t||t.secret||t.message||t.value)&&!\/[^a-zA-Z0-9]\/.test(t.secret)){for(var s,r,n,a=l.querySelectorAll('iframe[data-secret=\"'+t.secret+'\"]'),o=l.querySelectorAll('blockquote[data-secret=\"'+t.secret+'\"]'),c=new RegExp(\"^https?:$\",\"i\"),i=0;i<o.length;i++)o[i].style.display=\"none\";for(i=0;i<a.length;i++)s=a[i],e.source===s.contentWindow&&(s.removeAttribute(\"style\"),\"height\"===t.message?(1e3<(r=parseInt(t.value,10))?r=1e3:~~r<200&&(r=200),s.height=r):\"link\"===t.message&&(r=new URL(s.getAttribute(\"src\")),n=new URL(t.value),c.test(n.protocol))&&n.host===r.host&&l.activeElement===s&&(d.top.location.href=t.value))}},d.addEventListener(\"message\",d.wp.receiveEmbedMessage,!1),l.addEventListener(\"DOMContentLoaded\",function(){for(var e,t,s=l.querySelectorAll(\"iframe.wp-embedded-content\"),r=0;r<s.length;r++)(t=(e=s[r]).getAttribute(\"data-secret\"))||(t=Math.random().toString(36).substring(2,12),e.src+=\"#?secret=\"+t,e.setAttribute(\"data-secret\",t)),e.contentWindow.postMessage({message:\"ready\",secret:t},\"*\")},!1)))}(window,document);\n\/\/# sourceURL=https:\/\/immigrantquebec.com\/fr\/wp-includes\/js\/wp-embed.min.js\n\/* ]]> *\/\n<\/script>\n","thumbnail_url":"https:\/\/immigrantquebec.com\/fr\/wp-content\/uploads\/2023\/07\/samantha-hentosh-MnmGm4xkn8M-unsplash.jpg","thumbnail_width":950,"thumbnail_height":400,"description":"C\u2019est une petite r\u00e9volution. Apr\u00e8s l\u2019autorisation faite aux \u00e9tudiants \u00e9trangers de travailler plus de 20\u00a0heures par semaines hors campus, c\u2019est au tour des travailleurs \u00e9trangers temporaires de voir leur permis prendre une dimension in\u00e9dite. Le 27\u00a0juin 2023, le ministre de l\u2019Immigration f\u00e9d\u00e9ral Sean Fraser annon\u00e7ait l\u2019entr\u00e9e en vigueur imm\u00e9diate d\u2019une mesure leur permettant de s\u2019inscrire [&hellip;]"}