{"version":"1.0","provider_name":"Immigrant Qu\u00e9bec","provider_url":"https:\/\/immigrantquebec.com\/fr","author_name":"Basile Moratille","author_url":"https:\/\/immigrantquebec.com\/fr\/author\/basile-moratilleimmigrantquebec-com\/","title":"Quoi faire au Qu\u00e9bec - 24 et 25 juin - Immigrant Qu\u00e9bec","type":"rich","width":600,"height":338,"html":"<blockquote class=\"wp-embedded-content\" data-secret=\"mUnszOvr8z\"><a href=\"https:\/\/immigrantquebec.com\/fr\/actualites\/quoi-faire-quebec-24-25-juin\/\">Quoi faire au Qu\u00e9bec &#8211; 24 et 25 juin<\/a><\/blockquote><iframe sandbox=\"allow-scripts\" security=\"restricted\" src=\"https:\/\/immigrantquebec.com\/fr\/actualites\/quoi-faire-quebec-24-25-juin\/embed\/#?secret=mUnszOvr8z\" width=\"600\" height=\"338\" title=\"\u00ab\u00a0Quoi faire au Qu\u00e9bec &#8211; 24 et 25 juin\u00a0\u00bb &#8212; Immigrant Qu\u00e9bec\" data-secret=\"mUnszOvr8z\" frameborder=\"0\" marginwidth=\"0\" marginheight=\"0\" scrolling=\"no\" class=\"wp-embedded-content\"><\/iframe><script type=\"text\/javascript\">\n\/* <![CDATA[ *\/\n\/*! This file is auto-generated *\/\n!function(d,l){\"use strict\";l.querySelector&&d.addEventListener&&\"undefined\"!=typeof URL&&(d.wp=d.wp||{},d.wp.receiveEmbedMessage||(d.wp.receiveEmbedMessage=function(e){var t=e.data;if((t||t.secret||t.message||t.value)&&!\/[^a-zA-Z0-9]\/.test(t.secret)){for(var s,r,n,a=l.querySelectorAll('iframe[data-secret=\"'+t.secret+'\"]'),o=l.querySelectorAll('blockquote[data-secret=\"'+t.secret+'\"]'),c=new RegExp(\"^https?:$\",\"i\"),i=0;i<o.length;i++)o[i].style.display=\"none\";for(i=0;i<a.length;i++)s=a[i],e.source===s.contentWindow&&(s.removeAttribute(\"style\"),\"height\"===t.message?(1e3<(r=parseInt(t.value,10))?r=1e3:~~r<200&&(r=200),s.height=r):\"link\"===t.message&&(r=new URL(s.getAttribute(\"src\")),n=new URL(t.value),c.test(n.protocol))&&n.host===r.host&&l.activeElement===s&&(d.top.location.href=t.value))}},d.addEventListener(\"message\",d.wp.receiveEmbedMessage,!1),l.addEventListener(\"DOMContentLoaded\",function(){for(var e,t,s=l.querySelectorAll(\"iframe.wp-embedded-content\"),r=0;r<s.length;r++)(t=(e=s[r]).getAttribute(\"data-secret\"))||(t=Math.random().toString(36).substring(2,12),e.src+=\"#?secret=\"+t,e.setAttribute(\"data-secret\",t)),e.contentWindow.postMessage({message:\"ready\",secret:t},\"*\")},!1)))}(window,document);\n\/\/# sourceURL=https:\/\/immigrantquebec.com\/fr\/wp-includes\/js\/wp-embed.min.js\n\/* ]]> *\/\n<\/script>\n","thumbnail_url":"https:\/\/immigrantquebec.com\/fr\/wp-content\/uploads\/2021\/12\/27dfc706-2d5a-4aee-8574-61f185a7abc9.jpg","thumbnail_width":950,"thumbnail_height":400,"description":"F\u00eate nationale du Qu\u00e9bec Ce samedi 24 juin le Qu\u00e9bec c\u00e9l\u00e8bre sa F\u00eate nationale ou f\u00eate de la Saint-Jean. Pour les Qu\u00e9b\u00e9cois, il s\u2019agit d\u2019un jour f\u00e9ri\u00e9 et ch\u00f4m\u00e9. Cette ann\u00e9e, la F\u00eate nationale sera c\u00e9l\u00e9br\u00e9e sous le th\u00e8me \u00ab Qu\u00e9bec, embl\u00e8me de notre fiert\u00e9 \u00bb. F\u00eate nationale \u00e0 Qu\u00e9bec \u00c0 Qu\u00e9bec, les c\u00e9l\u00e9brations de [&hellip;]"}