{"id":2201,"date":"2021-07-21T09:35:47","date_gmt":"2021-07-21T13:35:47","guid":{"rendered":"https:\/\/wp124490.wpdns.ca\/?post_type=ressources&#038;p=2201"},"modified":"2022-03-24T09:52:22","modified_gmt":"2022-03-24T13:52:22","slug":"integration-competences","status":"publish","type":"wpsl_stores","link":"https:\/\/immigrantquebec.com\/fr\/identifier\/integration-competences\/","title":{"rendered":"Int\u00e9gration Comp\u00e9tences"},"content":{"rendered":"<div class=\"case-grise\"><strong>Site web :<\/strong> <a href=\"https:\/\/integrationcompetences.ca\" rel=\"noopener\" target=\"_blank\">Aller sur le site web<\/a><br \/>\n<strong>Suivez ce partenaire :<\/strong> <a href=\"https:\/\/www.facebook.com\/integrationcompetences\/\" rel=\"noopener\" target=\"_blank\"><span class=\"dashicons dashicons-facebook\"><\/span> <\/a><a href=\"https:\/\/www.instagram.com\/integrationcompetences\/\" rel=\"noopener\" target=\"_blank\"><span class=\"dashicons dashicons-instagram\"><\/span><\/a><a href=\"https:\/\/www.linkedin.com\/company\/int\u00e9gration-comp\u00e9tences\/?viewAsMember=true\" rel=\"noopener\" target=\"_blank\"><span class=\"dashicons dashicons-linkedin\"><\/span><\/a><\/div>\n<div><\/div>\n<p><span style=\"font-weight: 400;\"><img decoding=\"async\" src=\"https:\/\/www.immigrantquebecpro.com\/wp-content\/uploads\/2021\/07\/999d7a98-dcb3-4d2e-8857-b307b6e5bcf6.jpg\" alt=\"\" width=\"100\" height=\"100\" class=\"wp-image-2202 size-full alignleft\" \/><\/span><\/p>\n<div class=\"wysiwyg mt-2 mb-3\"><span><strong>Accompagnement personnalis\u00e9 des personnes immigrantes.<\/strong><\/span><br \/>\n<span>Services offerts gratuitement en fran\u00e7ais, anglais et espagnol.<\/span><br \/>\n<span>Nos conseill\u00e8res mettent l\u2019accent sur l\u2019accompagnement personnalis\u00e9 des nouveaux arrivants dans leur cheminement d\u2019installation dans la r\u00e9gion.<\/span><br \/>\n<span>Elles permettent \u00e9galement aux immigrants d\u2019avoir une meilleure perception du fonctionnement du march\u00e9 du travail qu\u00e9b\u00e9cois, une connaissance des techniques et strat\u00e9gies de recherche d\u2019emploi, d\u2019identifier et valider un objectif professionnel r\u00e9aliste.<\/span><br \/>\n<span><strong>PROFIL DE LA CLIENT\u00c8LE<\/strong><\/span><\/p>\n<ul>\n<li><span>Personnes immigrantes<\/span><\/li>\n<li><span>14 ans et plus<\/span><\/li>\n<li><span>R\u00e9sidant sur le territoire de La Vall\u00e9e-du-Richelieu ainsi que les villes de Saint-Bruno-de-Montarville, Saint-Amable, Sainte-Julie et Varennes<\/span><\/li>\n<\/ul>\n<p><span><strong>AIDE \u00c0 L\u2019INT\u00c9GRATION<\/strong><\/span><br \/>\n<span>Ce service, de nature individuelle ou collective, permet aux participants de mieux s\u2019int\u00e9grer \u00e0 la soci\u00e9t\u00e9 qu\u00e9b\u00e9coise. Nos conseill\u00e8res sont \u00e0 votre disposition pour vous assister dans vos premi\u00e8res d\u00e9marches au Qu\u00e9bec :<\/span><\/p>\n<ul>\n<li><span>\u00c9valuation individuelle des besoins dans leur globalit\u00e9<\/span><\/li>\n<li><span>Installation : logement, inscription garderie ou \u00e9cole, etc.<\/span><\/li>\n<li><span>D\u00e9marches administratives : num\u00e9ro d\u2019assurance sociale, permis de conduire, carte d\u2019assurance maladie, \u00e9quivalences des dipl\u00f4mes, allocation aux enfants, cr\u00e9dits d\u2019imp\u00f4t, etc.<\/span><\/li>\n<li><span>Information et inscription sur la francisation<\/span><\/li>\n<li><span>Connaissance de la r\u00e9gion, du r\u00e9seau de transport, des organismes et des institutions \u2026<\/span><\/li>\n<li><span>Activit\u00e9s socioculturelles et ateliers th\u00e9matiques : Caf\u00e9 rencontre, ateliers informels sur un th\u00e8me pr\u00e9cis (syst\u00e8me bancaire par exemple), sortie \u00e0 la cabane \u00e0 sucre, etc.<\/span><\/li>\n<li><span>Acheminement vers les ressources internes ou externes appropri\u00e9es<\/span><\/li>\n<\/ul>\n<p><span><strong>INSERTION PROFESSIONNELLE<\/strong><\/span><br \/>\n<span>Ce service d\u2019aide \u00e0 l\u2019emploi, de nature individuelle et collective, est un programme dont l\u2019objectif est d\u2019aider les personnes immigrantes \u00e0 int\u00e9grer le march\u00e9 qu\u00e9b\u00e9cois du travail en devenant autonome et en se trouvant un emploi.<\/span><\/p>\n<ul>\n<li><span>\u00c9valuation individuelle des besoins<\/span><\/li>\n<li><span>Curriculum vitae et lettre de pr\u00e9sentation<\/span><\/li>\n<li><span>M\u00e9thodes dynamiques de recherche d\u2019emploi<\/span><\/li>\n<li><span>Techniques et simulations d\u2019entrevue film\u00e9e ou non<\/span><\/li>\n<li><span>Ateliers th\u00e9matiques : march\u00e9 du travail ouvert\/cach\u00e9, outils de recherche d\u2019emploi, connaissance de soi, etc.<\/span><\/li>\n<li><span>Information scolaire et professionnelle \/ orientation : bilan des comp\u00e9tences, information sur les \u00e9quivalences des dipl\u00f4mes, le syst\u00e8me qu\u00e9b\u00e9cois et les ordres professionnels, etc.<\/span><\/li>\n<\/ul>\n<p><span><strong>REL\u00c8VE ENTREPRENEURIALE<\/strong><\/span><\/p>\n<ul>\n<li><span>Pr\u00e9sentation du processus de pr\u00e9-d\u00e9marrage d\u2019entreprise<\/span><\/li>\n<li><span>Faisabilit\u00e9 et viabilit\u00e9 du projet<\/span><\/li>\n<li><span>R\u00e9f\u00e9rences aux organismes sp\u00e9cialis\u00e9s<\/span><\/li>\n<li><span>SERVICE AUX ENTREPRISES *<\/span><\/li>\n<li><span>Expert de la main-d\u2019oeuvre immigrante, L\u2019Envol intervient aupr\u00e8s des employeurs afin de les soutenir dans leurs d\u00e9fis de ressources humaines et de favoriser une int\u00e9gration durable de leurs travailleurs.<\/span><\/li>\n<\/ul>\n<p><span><strong>Formation aux gestionnaires et \u00e0 leurs employ\u00e9s,\u00a0<\/strong><strong>exemples de formation<\/strong>:<\/span><\/p>\n<ul>\n<li><span>La gestion de la diversit\u00e9 culturelle en entreprise<\/span><\/li>\n<li><span>Communication interculturelle en entreprise : La compr\u00e9hension des valeurs et des comportements au sein d\u2019une \u00e9quipe de travail<\/span><\/li>\n<li><span>L\u2019intelligence culturelle : un outil indispensable pour favoriser l\u2019int\u00e9gration des employ\u00e9s<\/span><\/li>\n<li><span>Une int\u00e9gration globale de la famille immigrante un facteur cl\u00e9 pour la r\u00e9tention des employ\u00e9s<\/span><\/li>\n<li><span>Autres formations sur demande<\/span><\/li>\n<\/ul>\n<p><span>\u00a0<\/span><span><strong>Mise en place d\u2019un processus d\u2019accueil et d\u2019int\u00e9gration personnalis\u00e9 de l\u2019employ\u00e9 immigrant \u00e0 son poste<\/strong><\/span><\/p>\n<ul>\n<li><span>Plan de d\u00e9veloppement individualis\u00e9 \/ gestion de carri\u00e8re<\/span><\/li>\n<\/ul>\n<p><span><strong>SERVICE DE SENSIBILISATION *<\/strong><\/span><br \/>\n<span>Expert en diversit\u00e9 culturelle, L\u2019Envol intervient aupr\u00e8s des organismes, des institutions ou m\u00eame de la population afin de les sensibiliser \u00e0 la diff\u00e9rence.<\/span><br \/>\n<span>Il est bon de rappeler que la diversit\u00e9 est une richesse. Mais la richesse des diff\u00e9rentes communaut\u00e9s culturelles passe par une int\u00e9gration r\u00e9ciproque associant \u00e0 la fois la population d\u2019accueil et les immigrants, nous sommes donc tous concern\u00e9s et impliqu\u00e9s dans le devoir d\u2019agir.<\/span><br \/>\n<span><strong>Atelier de sensibilisation ou formations, par exemple:<\/strong><\/span><\/p>\n<ul>\n<li><span>Immigration 101<\/span><\/li>\n<li><span>L\u2019immigration et la violence faite aux femmes<\/span><\/li>\n<li><span>L\u2019intervention interculturelle<\/span><\/li>\n<li><span>Les st\u00e9r\u00e9otypes et les pr\u00e9jug\u00e9s<\/span><\/li>\n<\/ul>\n<p><span>*Certains services sont payants.<\/span><br \/>\n<span><strong>NOS BUREAUX<\/strong><br \/>\nPour joindre l&rsquo;un de nos 2 points de services, un seul et m\u00eame num\u00e9ro de t\u00e9l\u00e9phone : <\/span><span><strong>450 464-4481 \u00a0 \u00a0 \u00a0 \u00a0\u00a0<\/strong><\/span><br \/>\n<span><strong>Sans frais : 1-877-538-6377<\/strong><br \/>\n<strong>Mont-Saint-Hilaire, si\u00e8ge social<\/strong><br \/>\n370, boul. Sir-Wilfrid-Laurier, Bur. 105<br \/>\n(Qu\u00e9bec) J3H 5V3<br \/>\nT\u00e9l\u00e9copieur : 450 464-8455<\/span><br \/>\n<strong>Chambly<\/strong> 1179, rue Bourgogne, 2e \u00e9tage<br \/>\n(Qu\u00e9bec) J3L 1X3<br \/>\nT\u00e9l\u00e9copieur : 450 447-2037<\/p>\n<\/div>\n<p><span style=\"font-weight: 400;\">\u00a0<\/span><\/p>\n<h2><strong>Plan<\/strong><\/h2>\n","protected":false},"excerpt":{"rendered":"<p>Site web : Aller sur le site web Suivez ce partenaire : Accompagnement personnalis\u00e9 des personnes immigrantes. Services offerts gratuitement en fran\u00e7ais, anglais et espagnol. Nos conseill\u00e8res mettent l\u2019accent sur l\u2019accompagnement personnalis\u00e9 des nouveaux arrivants dans leur cheminement d\u2019installation dans la r\u00e9gion. Elles permettent \u00e9galement aux immigrants d\u2019avoir une meilleure perception du fonctionnement du march\u00e9 [&hellip;]<\/p>\n","protected":false},"author":3459,"featured_media":2202,"template":"","wpsl_store_category":[],"class_list":{"0":"post-2201","1":"wpsl_stores","2":"type-wpsl_stores","3":"status-publish","4":"has-post-thumbnail","6":"entry"},"acf":[],"yoast_head":"<!-- This site is optimized with the Yoast SEO plugin v27.5 - https:\/\/yoast.com\/product\/yoast-seo-wordpress\/ -->\n<title>Int\u00e9gration Comp\u00e9tences - Immigrant Qu\u00e9bec<\/title>\n<meta name=\"robots\" content=\"index, follow, max-snippet:-1, max-image-preview:large, max-video-preview:-1\" \/>\n<link rel=\"canonical\" href=\"https:\/\/immigrantquebec.com\/fr\/identifier\/integration-competences\/\" \/>\n<meta property=\"og:locale\" content=\"fr_FR\" \/>\n<meta property=\"og:type\" content=\"article\" \/>\n<meta property=\"og:title\" content=\"Int\u00e9gration Comp\u00e9tences - Immigrant Qu\u00e9bec\" \/>\n<meta property=\"og:description\" content=\"Site web : Aller sur le site web Suivez ce partenaire : Accompagnement personnalis\u00e9 des personnes immigrantes. Services offerts gratuitement en fran\u00e7ais, anglais et espagnol. Nos conseill\u00e8res mettent l\u2019accent sur l\u2019accompagnement personnalis\u00e9 des nouveaux arrivants dans leur cheminement d\u2019installation dans la r\u00e9gion. Elles permettent \u00e9galement aux immigrants d\u2019avoir une meilleure perception du fonctionnement du march\u00e9 [&hellip;]\" \/>\n<meta property=\"og:url\" content=\"https:\/\/immigrantquebec.com\/fr\/identifier\/integration-competences\/\" \/>\n<meta property=\"og:site_name\" content=\"Immigrant Qu\u00e9bec\" \/>\n<meta property=\"article:publisher\" content=\"https:\/\/www.facebook.com\/immigrantquebec\" \/>\n<meta property=\"article:modified_time\" content=\"2022-03-24T13:52:22+00:00\" \/>\n<meta property=\"og:image\" content=\"https:\/\/immigrantquebec.com\/fr\/wp-content\/uploads\/2021\/07\/999d7a98-dcb3-4d2e-8857-b307b6e5bcf6.jpg\" \/>\n\t<meta property=\"og:image:width\" content=\"100\" \/>\n\t<meta property=\"og:image:height\" content=\"100\" \/>\n\t<meta property=\"og:image:type\" content=\"image\/jpeg\" \/>\n<meta name=\"twitter:label1\" content=\"Dur\u00e9e de lecture estim\u00e9e\" \/>\n\t<meta name=\"twitter:data1\" content=\"4 minutes\" \/>\n<script type=\"application\/ld+json\" class=\"yoast-schema-graph\">{\"@context\":\"https:\\\/\\\/schema.org\",\"@graph\":[{\"@type\":\"WebPage\",\"@id\":\"https:\\\/\\\/immigrantquebec.com\\\/fr\\\/identifier\\\/integration-competences\\\/\",\"url\":\"https:\\\/\\\/immigrantquebec.com\\\/fr\\\/identifier\\\/integration-competences\\\/\",\"name\":\"Int\u00e9gration Comp\u00e9tences - Immigrant Qu\u00e9bec\",\"isPartOf\":{\"@id\":\"https:\\\/\\\/immigrantquebec.com\\\/fr\\\/#website\"},\"primaryImageOfPage\":{\"@id\":\"https:\\\/\\\/immigrantquebec.com\\\/fr\\\/identifier\\\/integration-competences\\\/#primaryimage\"},\"image\":{\"@id\":\"https:\\\/\\\/immigrantquebec.com\\\/fr\\\/identifier\\\/integration-competences\\\/#primaryimage\"},\"thumbnailUrl\":\"https:\\\/\\\/immigrantquebec.com\\\/fr\\\/wp-content\\\/uploads\\\/2021\\\/07\\\/999d7a98-dcb3-4d2e-8857-b307b6e5bcf6.jpg\",\"datePublished\":\"2021-07-21T13:35:47+00:00\",\"dateModified\":\"2022-03-24T13:52:22+00:00\",\"breadcrumb\":{\"@id\":\"https:\\\/\\\/immigrantquebec.com\\\/fr\\\/identifier\\\/integration-competences\\\/#breadcrumb\"},\"inLanguage\":\"fr-FR\",\"potentialAction\":[{\"@type\":\"ReadAction\",\"target\":[\"https:\\\/\\\/immigrantquebec.com\\\/fr\\\/identifier\\\/integration-competences\\\/\"]}]},{\"@type\":\"ImageObject\",\"inLanguage\":\"fr-FR\",\"@id\":\"https:\\\/\\\/immigrantquebec.com\\\/fr\\\/identifier\\\/integration-competences\\\/#primaryimage\",\"url\":\"https:\\\/\\\/immigrantquebec.com\\\/fr\\\/wp-content\\\/uploads\\\/2021\\\/07\\\/999d7a98-dcb3-4d2e-8857-b307b6e5bcf6.jpg\",\"contentUrl\":\"https:\\\/\\\/immigrantquebec.com\\\/fr\\\/wp-content\\\/uploads\\\/2021\\\/07\\\/999d7a98-dcb3-4d2e-8857-b307b6e5bcf6.jpg\",\"width\":100,\"height\":100},{\"@type\":\"BreadcrumbList\",\"@id\":\"https:\\\/\\\/immigrantquebec.com\\\/fr\\\/identifier\\\/integration-competences\\\/#breadcrumb\",\"itemListElement\":[{\"@type\":\"ListItem\",\"position\":1,\"name\":\"Accueil\",\"item\":\"https:\\\/\\\/immigrantquebec.com\\\/fr\\\/\"},{\"@type\":\"ListItem\",\"position\":2,\"name\":\"Int\u00e9gration Comp\u00e9tences\"}]},{\"@type\":\"WebSite\",\"@id\":\"https:\\\/\\\/immigrantquebec.com\\\/fr\\\/#website\",\"url\":\"https:\\\/\\\/immigrantquebec.com\\\/fr\\\/\",\"name\":\"Immigrant Qu\u00e9bec\",\"description\":\"Immigrer, vivre, travailler et \u00e9tudier au Qu\u00e9bec, Canada\",\"publisher\":{\"@id\":\"https:\\\/\\\/immigrantquebec.com\\\/fr\\\/#organization\"},\"potentialAction\":[{\"@type\":\"SearchAction\",\"target\":{\"@type\":\"EntryPoint\",\"urlTemplate\":\"https:\\\/\\\/immigrantquebec.com\\\/fr\\\/?s={search_term_string}\"},\"query-input\":{\"@type\":\"PropertyValueSpecification\",\"valueRequired\":true,\"valueName\":\"search_term_string\"}}],\"inLanguage\":\"fr-FR\"},{\"@type\":\"Organization\",\"@id\":\"https:\\\/\\\/immigrantquebec.com\\\/fr\\\/#organization\",\"name\":\"Immigrant Qu\u00e9bec\",\"url\":\"https:\\\/\\\/immigrantquebec.com\\\/fr\\\/\",\"logo\":{\"@type\":\"ImageObject\",\"inLanguage\":\"fr-FR\",\"@id\":\"https:\\\/\\\/immigrantquebec.com\\\/fr\\\/#\\\/schema\\\/logo\\\/image\\\/\",\"url\":\"https:\\\/\\\/immigrantquebec.com\\\/fr\\\/wp-content\\\/uploads\\\/2024\\\/03\\\/LogoIQ-2024-RVB.png\",\"contentUrl\":\"https:\\\/\\\/immigrantquebec.com\\\/fr\\\/wp-content\\\/uploads\\\/2024\\\/03\\\/LogoIQ-2024-RVB.png\",\"width\":2500,\"height\":1137,\"caption\":\"Immigrant Qu\u00e9bec\"},\"image\":{\"@id\":\"https:\\\/\\\/immigrantquebec.com\\\/fr\\\/#\\\/schema\\\/logo\\\/image\\\/\"},\"sameAs\":[\"https:\\\/\\\/www.facebook.com\\\/immigrantquebec\",\"https:\\\/\\\/x.com\\\/ImmigrantQuebec\",\"https:\\\/\\\/www.instagram.com\\\/immigrantquebec\",\"https:\\\/\\\/www.youtube.com\\\/user\\\/ImmigrantQc\"]}]}<\/script>\n<!-- \/ Yoast SEO plugin. -->","yoast_head_json":{"title":"Int\u00e9gration Comp\u00e9tences - Immigrant Qu\u00e9bec","robots":{"index":"index","follow":"follow","max-snippet":"max-snippet:-1","max-image-preview":"max-image-preview:large","max-video-preview":"max-video-preview:-1"},"canonical":"https:\/\/immigrantquebec.com\/fr\/identifier\/integration-competences\/","og_locale":"fr_FR","og_type":"article","og_title":"Int\u00e9gration Comp\u00e9tences - Immigrant Qu\u00e9bec","og_description":"Site web : Aller sur le site web Suivez ce partenaire : Accompagnement personnalis\u00e9 des personnes immigrantes. Services offerts gratuitement en fran\u00e7ais, anglais et espagnol. Nos conseill\u00e8res mettent l\u2019accent sur l\u2019accompagnement personnalis\u00e9 des nouveaux arrivants dans leur cheminement d\u2019installation dans la r\u00e9gion. Elles permettent \u00e9galement aux immigrants d\u2019avoir une meilleure perception du fonctionnement du march\u00e9 [&hellip;]","og_url":"https:\/\/immigrantquebec.com\/fr\/identifier\/integration-competences\/","og_site_name":"Immigrant Qu\u00e9bec","article_publisher":"https:\/\/www.facebook.com\/immigrantquebec","article_modified_time":"2022-03-24T13:52:22+00:00","og_image":[{"width":100,"height":100,"url":"https:\/\/immigrantquebec.com\/fr\/wp-content\/uploads\/2021\/07\/999d7a98-dcb3-4d2e-8857-b307b6e5bcf6.jpg","type":"image\/jpeg"}],"twitter_misc":{"Dur\u00e9e de lecture estim\u00e9e":"4 minutes"},"schema":{"@context":"https:\/\/schema.org","@graph":[{"@type":"WebPage","@id":"https:\/\/immigrantquebec.com\/fr\/identifier\/integration-competences\/","url":"https:\/\/immigrantquebec.com\/fr\/identifier\/integration-competences\/","name":"Int\u00e9gration Comp\u00e9tences - Immigrant Qu\u00e9bec","isPartOf":{"@id":"https:\/\/immigrantquebec.com\/fr\/#website"},"primaryImageOfPage":{"@id":"https:\/\/immigrantquebec.com\/fr\/identifier\/integration-competences\/#primaryimage"},"image":{"@id":"https:\/\/immigrantquebec.com\/fr\/identifier\/integration-competences\/#primaryimage"},"thumbnailUrl":"https:\/\/immigrantquebec.com\/fr\/wp-content\/uploads\/2021\/07\/999d7a98-dcb3-4d2e-8857-b307b6e5bcf6.jpg","datePublished":"2021-07-21T13:35:47+00:00","dateModified":"2022-03-24T13:52:22+00:00","breadcrumb":{"@id":"https:\/\/immigrantquebec.com\/fr\/identifier\/integration-competences\/#breadcrumb"},"inLanguage":"fr-FR","potentialAction":[{"@type":"ReadAction","target":["https:\/\/immigrantquebec.com\/fr\/identifier\/integration-competences\/"]}]},{"@type":"ImageObject","inLanguage":"fr-FR","@id":"https:\/\/immigrantquebec.com\/fr\/identifier\/integration-competences\/#primaryimage","url":"https:\/\/immigrantquebec.com\/fr\/wp-content\/uploads\/2021\/07\/999d7a98-dcb3-4d2e-8857-b307b6e5bcf6.jpg","contentUrl":"https:\/\/immigrantquebec.com\/fr\/wp-content\/uploads\/2021\/07\/999d7a98-dcb3-4d2e-8857-b307b6e5bcf6.jpg","width":100,"height":100},{"@type":"BreadcrumbList","@id":"https:\/\/immigrantquebec.com\/fr\/identifier\/integration-competences\/#breadcrumb","itemListElement":[{"@type":"ListItem","position":1,"name":"Accueil","item":"https:\/\/immigrantquebec.com\/fr\/"},{"@type":"ListItem","position":2,"name":"Int\u00e9gration Comp\u00e9tences"}]},{"@type":"WebSite","@id":"https:\/\/immigrantquebec.com\/fr\/#website","url":"https:\/\/immigrantquebec.com\/fr\/","name":"Immigrant Qu\u00e9bec","description":"Immigrer, vivre, travailler et \u00e9tudier au Qu\u00e9bec, Canada","publisher":{"@id":"https:\/\/immigrantquebec.com\/fr\/#organization"},"potentialAction":[{"@type":"SearchAction","target":{"@type":"EntryPoint","urlTemplate":"https:\/\/immigrantquebec.com\/fr\/?s={search_term_string}"},"query-input":{"@type":"PropertyValueSpecification","valueRequired":true,"valueName":"search_term_string"}}],"inLanguage":"fr-FR"},{"@type":"Organization","@id":"https:\/\/immigrantquebec.com\/fr\/#organization","name":"Immigrant Qu\u00e9bec","url":"https:\/\/immigrantquebec.com\/fr\/","logo":{"@type":"ImageObject","inLanguage":"fr-FR","@id":"https:\/\/immigrantquebec.com\/fr\/#\/schema\/logo\/image\/","url":"https:\/\/immigrantquebec.com\/fr\/wp-content\/uploads\/2024\/03\/LogoIQ-2024-RVB.png","contentUrl":"https:\/\/immigrantquebec.com\/fr\/wp-content\/uploads\/2024\/03\/LogoIQ-2024-RVB.png","width":2500,"height":1137,"caption":"Immigrant Qu\u00e9bec"},"image":{"@id":"https:\/\/immigrantquebec.com\/fr\/#\/schema\/logo\/image\/"},"sameAs":["https:\/\/www.facebook.com\/immigrantquebec","https:\/\/x.com\/ImmigrantQuebec","https:\/\/www.instagram.com\/immigrantquebec","https:\/\/www.youtube.com\/user\/ImmigrantQc"]}]}},"_links":{"self":[{"href":"https:\/\/immigrantquebec.com\/fr\/wp-json\/wp\/v2\/wpsl_stores\/2201","targetHints":{"allow":["GET"]}}],"collection":[{"href":"https:\/\/immigrantquebec.com\/fr\/wp-json\/wp\/v2\/wpsl_stores"}],"about":[{"href":"https:\/\/immigrantquebec.com\/fr\/wp-json\/wp\/v2\/types\/wpsl_stores"}],"author":[{"embeddable":true,"href":"https:\/\/immigrantquebec.com\/fr\/wp-json\/wp\/v2\/users\/3459"}],"version-history":[{"count":0,"href":"https:\/\/immigrantquebec.com\/fr\/wp-json\/wp\/v2\/wpsl_stores\/2201\/revisions"}],"wp:featuredmedia":[{"embeddable":true,"href":"https:\/\/immigrantquebec.com\/fr\/wp-json\/wp\/v2\/media\/2202"}],"wp:attachment":[{"href":"https:\/\/immigrantquebec.com\/fr\/wp-json\/wp\/v2\/media?parent=2201"}],"wp:term":[{"taxonomy":"wpsl_store_category","embeddable":true,"href":"https:\/\/immigrantquebec.com\/fr\/wp-json\/wp\/v2\/wpsl_store_category?post=2201"}],"curies":[{"name":"wp","href":"https:\/\/api.w.org\/{rel}","templated":true}]}}