{"id":2245,"date":"2021-07-21T15:20:28","date_gmt":"2021-07-21T19:20:28","guid":{"rendered":"https:\/\/wp124490.wpdns.ca\/?post_type=ressources&#038;p=2245"},"modified":"2022-03-24T15:06:10","modified_gmt":"2022-03-24T19:06:10","slug":"je-choisis-montreal","status":"publish","type":"wpsl_stores","link":"https:\/\/immigrantquebec.com\/fr\/identifier\/je-choisis-montreal\/","title":{"rendered":"Je choisis Montr\u00e9al"},"content":{"rendered":"<div class=\"case-grise\"><strong>Site web :<\/strong> <a href=\"https:\/\/www.jechoisismontreal.com\/fr\/\" rel=\"noopener\" target=\"_blank\">Aller sur le site web<\/a><br \/>\n<strong>Suivez ce partenaire :<\/strong> <a href=\"https:\/\/www.facebook.com\/jechoisismontreal\/\" rel=\"noopener\" target=\"_blank\"><span class=\"dashicons dashicons-facebook\"><\/span> <\/a><a href=\"https:\/\/www.instagram.com\/accounts\/login\/\" rel=\"noopener\" target=\"_blank\"><span class=\"dashicons dashicons-instagram\"><\/span><\/a><a href=\"https:\/\/www.linkedin.com\/showcase\/je-choisis-montr\u00e9al---i-choose-montr\u00e9al\/\" rel=\"noopener\" target=\"_blank\"><span class=\"dashicons dashicons-linkedin\"><\/span><\/a><\/div>\n<p><span style=\"font-weight: 400;\"><img decoding=\"async\" src=\"https:\/\/www.immigrantquebecpro.com\/wp-content\/uploads\/2021\/07\/6921aacc-dec1-4bf4-96a1-90ff997861e0.png\" alt=\"\" width=\"100\" height=\"100\" class=\"wp-image-2246 size-full alignleft\" \/><\/span><br \/>\n<strong>Je choisis Montr\u00e9al<br \/>\nPOUR VOTRE PROJET D\u2019\u00c9TUDES\u2026 ET DE VIE !<\/strong><br \/>\n<strong>Je choisis Montr\u00e9al<\/strong> est une initiative d\u00e9velopp\u00e9e par <strong>Montr\u00e9al International<\/strong>, avec la participation du gouvernement du Qu\u00e9bec, pour mieux outiller les \u00e9tudiants internationaux qui souhaitent venir \u00e9tudier dans le Grand Montr\u00e9al ou rester dans la m\u00e9tropole apr\u00e8s leurs \u00e9tudes.<br \/>\nAvec l\u2019objectif de soutenir le projet d\u2019\u00e9tudes et de vie dans le Grand Montr\u00e9al de cette vaste communaut\u00e9, Je choisis Montr\u00e9al collabore \u00e9troitement avec les centres de formation professionnelle, coll\u00e8ges et universit\u00e9s pour offrir de l\u2019information et proposer des activit\u00e9s en lien avec les th\u00e9matiques suivantes :<br \/>\n&#8211; <strong>\u00c9TUDIER<\/strong> : pour conna\u00eetre l\u2019exp\u00e9rience \u00e9tudiante dans le Grand Montr\u00e9al<br \/>\n&#8211; <strong>VIVRE<\/strong> : pour d\u00e9couvrir la qualit\u00e9 de vie du Grand Montr\u00e9al<br \/>\n&#8211; <strong>TRAVAILLER<\/strong> : pour savoir quels sont les secteurs en croissance et se faire valoir aupr\u00e8s d\u2019employeurs<br \/>\n&#8211; <strong>IMMIGRER<\/strong> : pour participer aux s\u00e9ances d\u2019information sur les d\u00e9marches d\u2019immigration permanente avec le MIDI<br \/>\nEn parall\u00e8le, Je choisis Montr\u00e9al propose en continu sa collaboration aux employeurs du Grand Montr\u00e9al, en valorisant la candidature des \u00e9tudiants internationaux gr\u00e2ce \u00e0 :<br \/>\n&#8211; L\u2019organisation d\u2019\u00e9v\u00e9nements de recrutement, de r\u00e9seautage, d\u2019information<br \/>\n&#8211; La promotion d\u2019offres d\u2019emploi sur Internet<br \/>\n&#8211; \u00a0 \u00a0 \u00a0 \u00a0La mise en relation avec les \u00e9tablissements d\u2019enseignement et leurs diff\u00e9rents services (bureau des \u00e9tudiants internationaux, services carri\u00e8re, facult\u00e9s, etc.)<br \/>\n<img decoding=\"async\" src=\"https:\/\/s3.amazonaws.com\/immigrantquebec\/production\/wysiwyg_picture\/picture\/500d5902-4e13-4c48-9dda-e72bab1d88d7.png\" class=\"fr-fic fr-dib fr-fir\" \/><br \/>\n<span style=\"font-weight: 400;\">\u00a0<\/span><\/p>\n<h2><strong>Plan<\/strong><\/h2>\n","protected":false},"excerpt":{"rendered":"<p>Montr\u00e9al International a comme mandat d\u2019attirer dans la r\u00e9gion m\u00e9tropolitaine des investissements \u00e9trangers, des organisations internationales et des talents strat\u00e9giques.<\/p>\n","protected":false},"author":3459,"featured_media":2246,"template":"","wpsl_store_category":[],"class_list":{"0":"post-2245","1":"wpsl_stores","2":"type-wpsl_stores","3":"status-publish","4":"has-post-thumbnail","6":"entry"},"acf":[],"yoast_head":"<!-- This site is optimized with the Yoast SEO plugin v27.5 - https:\/\/yoast.com\/product\/yoast-seo-wordpress\/ -->\n<title>Je choisis Montr\u00e9al - Immigrant Qu\u00e9bec<\/title>\n<meta name=\"description\" content=\"Montr\u00e9al International a comme mandat d\u2019attirer dans la r\u00e9gion m\u00e9tropolitaine des investissements \u00e9trangers, des organisations internationales et des talents strat\u00e9giques.\" \/>\n<meta name=\"robots\" content=\"index, follow, max-snippet:-1, max-image-preview:large, max-video-preview:-1\" \/>\n<link rel=\"canonical\" href=\"https:\/\/immigrantquebec.com\/fr\/identifier\/je-choisis-montreal\/\" \/>\n<meta property=\"og:locale\" content=\"fr_FR\" \/>\n<meta property=\"og:type\" content=\"article\" \/>\n<meta property=\"og:title\" content=\"Je choisis Montr\u00e9al - Immigrant Qu\u00e9bec\" \/>\n<meta property=\"og:description\" content=\"Montr\u00e9al International a comme mandat d\u2019attirer dans la r\u00e9gion m\u00e9tropolitaine des investissements \u00e9trangers, des organisations internationales et des talents strat\u00e9giques.\" \/>\n<meta property=\"og:url\" content=\"https:\/\/immigrantquebec.com\/fr\/identifier\/je-choisis-montreal\/\" \/>\n<meta property=\"og:site_name\" content=\"Immigrant Qu\u00e9bec\" \/>\n<meta property=\"article:publisher\" content=\"https:\/\/www.facebook.com\/immigrantquebec\" \/>\n<meta property=\"article:modified_time\" content=\"2022-03-24T19:06:10+00:00\" \/>\n<meta property=\"og:image\" content=\"https:\/\/immigrantquebec.com\/fr\/wp-content\/uploads\/2021\/07\/6921aacc-dec1-4bf4-96a1-90ff997861e0.png\" \/>\n\t<meta property=\"og:image:width\" content=\"100\" \/>\n\t<meta property=\"og:image:height\" content=\"100\" \/>\n\t<meta property=\"og:image:type\" content=\"image\/png\" \/>\n<meta name=\"twitter:label1\" content=\"Dur\u00e9e de lecture estim\u00e9e\" \/>\n\t<meta name=\"twitter:data1\" content=\"2 minutes\" \/>\n<script type=\"application\/ld+json\" class=\"yoast-schema-graph\">{\"@context\":\"https:\\\/\\\/schema.org\",\"@graph\":[{\"@type\":\"WebPage\",\"@id\":\"https:\\\/\\\/immigrantquebec.com\\\/fr\\\/identifier\\\/je-choisis-montreal\\\/\",\"url\":\"https:\\\/\\\/immigrantquebec.com\\\/fr\\\/identifier\\\/je-choisis-montreal\\\/\",\"name\":\"Je choisis Montr\u00e9al - Immigrant Qu\u00e9bec\",\"isPartOf\":{\"@id\":\"https:\\\/\\\/immigrantquebec.com\\\/fr\\\/#website\"},\"primaryImageOfPage\":{\"@id\":\"https:\\\/\\\/immigrantquebec.com\\\/fr\\\/identifier\\\/je-choisis-montreal\\\/#primaryimage\"},\"image\":{\"@id\":\"https:\\\/\\\/immigrantquebec.com\\\/fr\\\/identifier\\\/je-choisis-montreal\\\/#primaryimage\"},\"thumbnailUrl\":\"https:\\\/\\\/immigrantquebec.com\\\/fr\\\/wp-content\\\/uploads\\\/2021\\\/07\\\/6921aacc-dec1-4bf4-96a1-90ff997861e0.png\",\"datePublished\":\"2021-07-21T19:20:28+00:00\",\"dateModified\":\"2022-03-24T19:06:10+00:00\",\"description\":\"Montr\u00e9al International a comme mandat d\u2019attirer dans la r\u00e9gion m\u00e9tropolitaine des investissements \u00e9trangers, des organisations internationales et des talents strat\u00e9giques.\",\"breadcrumb\":{\"@id\":\"https:\\\/\\\/immigrantquebec.com\\\/fr\\\/identifier\\\/je-choisis-montreal\\\/#breadcrumb\"},\"inLanguage\":\"fr-FR\",\"potentialAction\":[{\"@type\":\"ReadAction\",\"target\":[\"https:\\\/\\\/immigrantquebec.com\\\/fr\\\/identifier\\\/je-choisis-montreal\\\/\"]}]},{\"@type\":\"ImageObject\",\"inLanguage\":\"fr-FR\",\"@id\":\"https:\\\/\\\/immigrantquebec.com\\\/fr\\\/identifier\\\/je-choisis-montreal\\\/#primaryimage\",\"url\":\"https:\\\/\\\/immigrantquebec.com\\\/fr\\\/wp-content\\\/uploads\\\/2021\\\/07\\\/6921aacc-dec1-4bf4-96a1-90ff997861e0.png\",\"contentUrl\":\"https:\\\/\\\/immigrantquebec.com\\\/fr\\\/wp-content\\\/uploads\\\/2021\\\/07\\\/6921aacc-dec1-4bf4-96a1-90ff997861e0.png\",\"width\":100,\"height\":100},{\"@type\":\"BreadcrumbList\",\"@id\":\"https:\\\/\\\/immigrantquebec.com\\\/fr\\\/identifier\\\/je-choisis-montreal\\\/#breadcrumb\",\"itemListElement\":[{\"@type\":\"ListItem\",\"position\":1,\"name\":\"Accueil\",\"item\":\"https:\\\/\\\/immigrantquebec.com\\\/fr\\\/\"},{\"@type\":\"ListItem\",\"position\":2,\"name\":\"Je choisis Montr\u00e9al\"}]},{\"@type\":\"WebSite\",\"@id\":\"https:\\\/\\\/immigrantquebec.com\\\/fr\\\/#website\",\"url\":\"https:\\\/\\\/immigrantquebec.com\\\/fr\\\/\",\"name\":\"Immigrant Qu\u00e9bec\",\"description\":\"Immigrer, vivre, travailler et \u00e9tudier au Qu\u00e9bec, Canada\",\"publisher\":{\"@id\":\"https:\\\/\\\/immigrantquebec.com\\\/fr\\\/#organization\"},\"potentialAction\":[{\"@type\":\"SearchAction\",\"target\":{\"@type\":\"EntryPoint\",\"urlTemplate\":\"https:\\\/\\\/immigrantquebec.com\\\/fr\\\/?s={search_term_string}\"},\"query-input\":{\"@type\":\"PropertyValueSpecification\",\"valueRequired\":true,\"valueName\":\"search_term_string\"}}],\"inLanguage\":\"fr-FR\"},{\"@type\":\"Organization\",\"@id\":\"https:\\\/\\\/immigrantquebec.com\\\/fr\\\/#organization\",\"name\":\"Immigrant Qu\u00e9bec\",\"url\":\"https:\\\/\\\/immigrantquebec.com\\\/fr\\\/\",\"logo\":{\"@type\":\"ImageObject\",\"inLanguage\":\"fr-FR\",\"@id\":\"https:\\\/\\\/immigrantquebec.com\\\/fr\\\/#\\\/schema\\\/logo\\\/image\\\/\",\"url\":\"https:\\\/\\\/immigrantquebec.com\\\/fr\\\/wp-content\\\/uploads\\\/2024\\\/03\\\/LogoIQ-2024-RVB.png\",\"contentUrl\":\"https:\\\/\\\/immigrantquebec.com\\\/fr\\\/wp-content\\\/uploads\\\/2024\\\/03\\\/LogoIQ-2024-RVB.png\",\"width\":2500,\"height\":1137,\"caption\":\"Immigrant Qu\u00e9bec\"},\"image\":{\"@id\":\"https:\\\/\\\/immigrantquebec.com\\\/fr\\\/#\\\/schema\\\/logo\\\/image\\\/\"},\"sameAs\":[\"https:\\\/\\\/www.facebook.com\\\/immigrantquebec\",\"https:\\\/\\\/x.com\\\/ImmigrantQuebec\",\"https:\\\/\\\/www.instagram.com\\\/immigrantquebec\",\"https:\\\/\\\/www.youtube.com\\\/user\\\/ImmigrantQc\"]}]}<\/script>\n<!-- \/ Yoast SEO plugin. -->","yoast_head_json":{"title":"Je choisis Montr\u00e9al - Immigrant Qu\u00e9bec","description":"Montr\u00e9al International a comme mandat d\u2019attirer dans la r\u00e9gion m\u00e9tropolitaine des investissements \u00e9trangers, des organisations internationales et des talents strat\u00e9giques.","robots":{"index":"index","follow":"follow","max-snippet":"max-snippet:-1","max-image-preview":"max-image-preview:large","max-video-preview":"max-video-preview:-1"},"canonical":"https:\/\/immigrantquebec.com\/fr\/identifier\/je-choisis-montreal\/","og_locale":"fr_FR","og_type":"article","og_title":"Je choisis Montr\u00e9al - Immigrant Qu\u00e9bec","og_description":"Montr\u00e9al International a comme mandat d\u2019attirer dans la r\u00e9gion m\u00e9tropolitaine des investissements \u00e9trangers, des organisations internationales et des talents strat\u00e9giques.","og_url":"https:\/\/immigrantquebec.com\/fr\/identifier\/je-choisis-montreal\/","og_site_name":"Immigrant Qu\u00e9bec","article_publisher":"https:\/\/www.facebook.com\/immigrantquebec","article_modified_time":"2022-03-24T19:06:10+00:00","og_image":[{"width":100,"height":100,"url":"https:\/\/immigrantquebec.com\/fr\/wp-content\/uploads\/2021\/07\/6921aacc-dec1-4bf4-96a1-90ff997861e0.png","type":"image\/png"}],"twitter_misc":{"Dur\u00e9e de lecture estim\u00e9e":"2 minutes"},"schema":{"@context":"https:\/\/schema.org","@graph":[{"@type":"WebPage","@id":"https:\/\/immigrantquebec.com\/fr\/identifier\/je-choisis-montreal\/","url":"https:\/\/immigrantquebec.com\/fr\/identifier\/je-choisis-montreal\/","name":"Je choisis Montr\u00e9al - Immigrant Qu\u00e9bec","isPartOf":{"@id":"https:\/\/immigrantquebec.com\/fr\/#website"},"primaryImageOfPage":{"@id":"https:\/\/immigrantquebec.com\/fr\/identifier\/je-choisis-montreal\/#primaryimage"},"image":{"@id":"https:\/\/immigrantquebec.com\/fr\/identifier\/je-choisis-montreal\/#primaryimage"},"thumbnailUrl":"https:\/\/immigrantquebec.com\/fr\/wp-content\/uploads\/2021\/07\/6921aacc-dec1-4bf4-96a1-90ff997861e0.png","datePublished":"2021-07-21T19:20:28+00:00","dateModified":"2022-03-24T19:06:10+00:00","description":"Montr\u00e9al International a comme mandat d\u2019attirer dans la r\u00e9gion m\u00e9tropolitaine des investissements \u00e9trangers, des organisations internationales et des talents strat\u00e9giques.","breadcrumb":{"@id":"https:\/\/immigrantquebec.com\/fr\/identifier\/je-choisis-montreal\/#breadcrumb"},"inLanguage":"fr-FR","potentialAction":[{"@type":"ReadAction","target":["https:\/\/immigrantquebec.com\/fr\/identifier\/je-choisis-montreal\/"]}]},{"@type":"ImageObject","inLanguage":"fr-FR","@id":"https:\/\/immigrantquebec.com\/fr\/identifier\/je-choisis-montreal\/#primaryimage","url":"https:\/\/immigrantquebec.com\/fr\/wp-content\/uploads\/2021\/07\/6921aacc-dec1-4bf4-96a1-90ff997861e0.png","contentUrl":"https:\/\/immigrantquebec.com\/fr\/wp-content\/uploads\/2021\/07\/6921aacc-dec1-4bf4-96a1-90ff997861e0.png","width":100,"height":100},{"@type":"BreadcrumbList","@id":"https:\/\/immigrantquebec.com\/fr\/identifier\/je-choisis-montreal\/#breadcrumb","itemListElement":[{"@type":"ListItem","position":1,"name":"Accueil","item":"https:\/\/immigrantquebec.com\/fr\/"},{"@type":"ListItem","position":2,"name":"Je choisis Montr\u00e9al"}]},{"@type":"WebSite","@id":"https:\/\/immigrantquebec.com\/fr\/#website","url":"https:\/\/immigrantquebec.com\/fr\/","name":"Immigrant Qu\u00e9bec","description":"Immigrer, vivre, travailler et \u00e9tudier au Qu\u00e9bec, Canada","publisher":{"@id":"https:\/\/immigrantquebec.com\/fr\/#organization"},"potentialAction":[{"@type":"SearchAction","target":{"@type":"EntryPoint","urlTemplate":"https:\/\/immigrantquebec.com\/fr\/?s={search_term_string}"},"query-input":{"@type":"PropertyValueSpecification","valueRequired":true,"valueName":"search_term_string"}}],"inLanguage":"fr-FR"},{"@type":"Organization","@id":"https:\/\/immigrantquebec.com\/fr\/#organization","name":"Immigrant Qu\u00e9bec","url":"https:\/\/immigrantquebec.com\/fr\/","logo":{"@type":"ImageObject","inLanguage":"fr-FR","@id":"https:\/\/immigrantquebec.com\/fr\/#\/schema\/logo\/image\/","url":"https:\/\/immigrantquebec.com\/fr\/wp-content\/uploads\/2024\/03\/LogoIQ-2024-RVB.png","contentUrl":"https:\/\/immigrantquebec.com\/fr\/wp-content\/uploads\/2024\/03\/LogoIQ-2024-RVB.png","width":2500,"height":1137,"caption":"Immigrant Qu\u00e9bec"},"image":{"@id":"https:\/\/immigrantquebec.com\/fr\/#\/schema\/logo\/image\/"},"sameAs":["https:\/\/www.facebook.com\/immigrantquebec","https:\/\/x.com\/ImmigrantQuebec","https:\/\/www.instagram.com\/immigrantquebec","https:\/\/www.youtube.com\/user\/ImmigrantQc"]}]}},"_links":{"self":[{"href":"https:\/\/immigrantquebec.com\/fr\/wp-json\/wp\/v2\/wpsl_stores\/2245","targetHints":{"allow":["GET"]}}],"collection":[{"href":"https:\/\/immigrantquebec.com\/fr\/wp-json\/wp\/v2\/wpsl_stores"}],"about":[{"href":"https:\/\/immigrantquebec.com\/fr\/wp-json\/wp\/v2\/types\/wpsl_stores"}],"author":[{"embeddable":true,"href":"https:\/\/immigrantquebec.com\/fr\/wp-json\/wp\/v2\/users\/3459"}],"version-history":[{"count":0,"href":"https:\/\/immigrantquebec.com\/fr\/wp-json\/wp\/v2\/wpsl_stores\/2245\/revisions"}],"wp:featuredmedia":[{"embeddable":true,"href":"https:\/\/immigrantquebec.com\/fr\/wp-json\/wp\/v2\/media\/2246"}],"wp:attachment":[{"href":"https:\/\/immigrantquebec.com\/fr\/wp-json\/wp\/v2\/media?parent=2245"}],"wp:term":[{"taxonomy":"wpsl_store_category","embeddable":true,"href":"https:\/\/immigrantquebec.com\/fr\/wp-json\/wp\/v2\/wpsl_store_category?post=2245"}],"curies":[{"name":"wp","href":"https:\/\/api.w.org\/{rel}","templated":true}]}}