{"id":2840,"date":"2021-07-29T11:50:09","date_gmt":"2021-07-29T15:50:09","guid":{"rendered":"https:\/\/wp124490.wpdns.ca\/?post_type=wpsl_stores&#038;p=2840"},"modified":"2022-03-30T13:50:08","modified_gmt":"2022-03-30T17:50:08","slug":"acces-etudes-quebec","status":"publish","type":"wpsl_stores","link":"https:\/\/immigrantquebec.com\/fr\/identifier\/acces-etudes-quebec\/","title":{"rendered":"Acc\u00e8s \u00c9tudes Qu\u00e9bec"},"content":{"rendered":"<div class=\"case-grise\"><strong>Site web :<\/strong> <a href=\"https:\/\/accesetudesquebec.ca\" rel=\"noopener\" target=\"_blank\">Aller sur le site web<\/a><br \/>\n<strong>Suivez ce partenaire :<\/strong> <a href=\"https:\/\/www.facebook.com\/accesetudesquebec\/?fref=ts\" rel=\"noopener\" target=\"_blank\"><span class=\"dashicons dashicons-facebook\"><\/span> <\/a><a href=\"https:\/\/www.instagram.com\/accounts\/login\/\" rel=\"noopener\" target=\"_blank\"><span class=\"dashicons dashicons-instagram\"><\/span><\/a><\/div>\n<p><img decoding=\"async\" src=\"https:\/\/www.immigrantquebecpro.com\/wp-content\/uploads\/2021\/07\/fe9ce4d3-d68d-491e-9bf1-97f99346024d.png\" alt=\"\" width=\"100\" height=\"100\" class=\"size-full wp-image-2841 alignleft\" \/><\/p>\n<div class=\"wysiwyg mt-2 mb-3\">Acc\u00e8s \u00c9tudes Qu\u00e9bec a pour but de favoriser l&rsquo;inscription, l&rsquo;accueil et l&rsquo;int\u00e9gration des \u00e9tudiants \u00e9trangers en formation professionnelle et technique au Qu\u00e9bec.<br \/>\nUne expertise de dix ann\u00e9es dans l\u2019accueil et l\u2019int\u00e9gration des immigrants, la parfaite connaissance du syst\u00e8me \u00e9ducatif qu\u00e9b\u00e9cois et un r\u00e9seau de centres offrant une diversit\u00e9 de formations professionnelles ou techniques font de nous un partenaire de choix pour vous accompagner dans votre processus d\u2019arriv\u00e9e au Qu\u00e9bec.<br \/>\nNotre organisme est \u00e0 but non lucratif et les services suivants rendus aux \u00e9tudiants internationaux sont enti\u00e8rement GRATUITS.<\/p>\n<ul>\n<li>Conseils sur le choix de la formation;<\/li>\n<li>Recherche de logement avant votre arriv\u00e9e;<\/li>\n<li>Accueil \u00e0 l\u2019a\u00e9roport et transport vers le logement;<\/li>\n<li>Accompagnement personnalis\u00e9 pour vos premi\u00e8res d\u00e9marches administratives;<\/li>\n<li>Aide \u00e0 la recherche d\u2019emploi pour vous et votre conjoint;<\/li>\n<li>Suivi personnalis\u00e9 durant vos \u00e9tudes.<\/li>\n<\/ul>\n<\/div>\n<div><\/div>\n<h2><strong>Plan<\/strong><\/h2>\n","protected":false},"excerpt":{"rendered":"<p>Acc\u00e8s \u00c9tudes Qu\u00e9bec a pour but de favoriser l&rsquo;inscription, l&rsquo;accueil et l&rsquo;int\u00e9gration des \u00e9tudiants \u00e9trangers en formation professionnelle et technique au Qu\u00e9bec.<\/p>\n","protected":false},"author":3459,"featured_media":2841,"template":"","wpsl_store_category":[122],"class_list":{"0":"post-2840","1":"wpsl_stores","2":"type-wpsl_stores","3":"status-publish","4":"has-post-thumbnail","6":"wpsl_store_category-etudes-et-formations","7":"entry"},"acf":[],"yoast_head":"<!-- This site is optimized with the Yoast SEO plugin v27.5 - https:\/\/yoast.com\/product\/yoast-seo-wordpress\/ -->\n<title>Acc\u00e8s \u00c9tudes Qu\u00e9bec - Immigrant Qu\u00e9bec<\/title>\n<meta name=\"description\" content=\"Acc\u00e8s \u00c9tudes Qu\u00e9bec a pour but de favoriser l&#039;inscription, l&#039;accueil et l&#039;int\u00e9gration des \u00e9tudiants \u00e9trangers en formation professionnelle et technique au Qu\u00e9bec.\" \/>\n<meta name=\"robots\" content=\"index, follow, max-snippet:-1, max-image-preview:large, max-video-preview:-1\" \/>\n<link rel=\"canonical\" href=\"https:\/\/immigrantquebec.com\/fr\/identifier\/acces-etudes-quebec\/\" \/>\n<meta property=\"og:locale\" content=\"fr_FR\" \/>\n<meta property=\"og:type\" content=\"article\" \/>\n<meta property=\"og:title\" content=\"Acc\u00e8s \u00c9tudes Qu\u00e9bec - Immigrant Qu\u00e9bec\" \/>\n<meta property=\"og:description\" content=\"Acc\u00e8s \u00c9tudes Qu\u00e9bec a pour but de favoriser l&#039;inscription, l&#039;accueil et l&#039;int\u00e9gration des \u00e9tudiants \u00e9trangers en formation professionnelle et technique au Qu\u00e9bec.\" \/>\n<meta property=\"og:url\" content=\"https:\/\/immigrantquebec.com\/fr\/identifier\/acces-etudes-quebec\/\" \/>\n<meta property=\"og:site_name\" content=\"Immigrant Qu\u00e9bec\" \/>\n<meta property=\"article:publisher\" content=\"https:\/\/www.facebook.com\/immigrantquebec\" \/>\n<meta property=\"article:modified_time\" content=\"2022-03-30T17:50:08+00:00\" \/>\n<meta property=\"og:image\" content=\"https:\/\/immigrantquebec.com\/fr\/wp-content\/uploads\/2021\/07\/fe9ce4d3-d68d-491e-9bf1-97f99346024d.png\" \/>\n\t<meta property=\"og:image:width\" content=\"100\" \/>\n\t<meta property=\"og:image:height\" content=\"100\" \/>\n\t<meta property=\"og:image:type\" content=\"image\/png\" \/>\n<meta name=\"twitter:label1\" content=\"Dur\u00e9e de lecture estim\u00e9e\" \/>\n\t<meta name=\"twitter:data1\" content=\"1 minute\" \/>\n<script type=\"application\/ld+json\" class=\"yoast-schema-graph\">{\"@context\":\"https:\\\/\\\/schema.org\",\"@graph\":[{\"@type\":\"WebPage\",\"@id\":\"https:\\\/\\\/immigrantquebec.com\\\/fr\\\/identifier\\\/acces-etudes-quebec\\\/\",\"url\":\"https:\\\/\\\/immigrantquebec.com\\\/fr\\\/identifier\\\/acces-etudes-quebec\\\/\",\"name\":\"Acc\u00e8s \u00c9tudes Qu\u00e9bec - Immigrant Qu\u00e9bec\",\"isPartOf\":{\"@id\":\"https:\\\/\\\/immigrantquebec.com\\\/fr\\\/#website\"},\"primaryImageOfPage\":{\"@id\":\"https:\\\/\\\/immigrantquebec.com\\\/fr\\\/identifier\\\/acces-etudes-quebec\\\/#primaryimage\"},\"image\":{\"@id\":\"https:\\\/\\\/immigrantquebec.com\\\/fr\\\/identifier\\\/acces-etudes-quebec\\\/#primaryimage\"},\"thumbnailUrl\":\"https:\\\/\\\/immigrantquebec.com\\\/fr\\\/wp-content\\\/uploads\\\/2021\\\/07\\\/fe9ce4d3-d68d-491e-9bf1-97f99346024d.png\",\"datePublished\":\"2021-07-29T15:50:09+00:00\",\"dateModified\":\"2022-03-30T17:50:08+00:00\",\"description\":\"Acc\u00e8s \u00c9tudes Qu\u00e9bec a pour but de favoriser l'inscription, l'accueil et l'int\u00e9gration des \u00e9tudiants \u00e9trangers en formation professionnelle et technique au Qu\u00e9bec.\",\"breadcrumb\":{\"@id\":\"https:\\\/\\\/immigrantquebec.com\\\/fr\\\/identifier\\\/acces-etudes-quebec\\\/#breadcrumb\"},\"inLanguage\":\"fr-FR\",\"potentialAction\":[{\"@type\":\"ReadAction\",\"target\":[\"https:\\\/\\\/immigrantquebec.com\\\/fr\\\/identifier\\\/acces-etudes-quebec\\\/\"]}]},{\"@type\":\"ImageObject\",\"inLanguage\":\"fr-FR\",\"@id\":\"https:\\\/\\\/immigrantquebec.com\\\/fr\\\/identifier\\\/acces-etudes-quebec\\\/#primaryimage\",\"url\":\"https:\\\/\\\/immigrantquebec.com\\\/fr\\\/wp-content\\\/uploads\\\/2021\\\/07\\\/fe9ce4d3-d68d-491e-9bf1-97f99346024d.png\",\"contentUrl\":\"https:\\\/\\\/immigrantquebec.com\\\/fr\\\/wp-content\\\/uploads\\\/2021\\\/07\\\/fe9ce4d3-d68d-491e-9bf1-97f99346024d.png\",\"width\":100,\"height\":100},{\"@type\":\"BreadcrumbList\",\"@id\":\"https:\\\/\\\/immigrantquebec.com\\\/fr\\\/identifier\\\/acces-etudes-quebec\\\/#breadcrumb\",\"itemListElement\":[{\"@type\":\"ListItem\",\"position\":1,\"name\":\"Accueil\",\"item\":\"https:\\\/\\\/immigrantquebec.com\\\/fr\\\/\"},{\"@type\":\"ListItem\",\"position\":2,\"name\":\"Acc\u00e8s \u00c9tudes Qu\u00e9bec\"}]},{\"@type\":\"WebSite\",\"@id\":\"https:\\\/\\\/immigrantquebec.com\\\/fr\\\/#website\",\"url\":\"https:\\\/\\\/immigrantquebec.com\\\/fr\\\/\",\"name\":\"Immigrant Qu\u00e9bec\",\"description\":\"Immigrer, vivre, travailler et \u00e9tudier au Qu\u00e9bec, Canada\",\"publisher\":{\"@id\":\"https:\\\/\\\/immigrantquebec.com\\\/fr\\\/#organization\"},\"potentialAction\":[{\"@type\":\"SearchAction\",\"target\":{\"@type\":\"EntryPoint\",\"urlTemplate\":\"https:\\\/\\\/immigrantquebec.com\\\/fr\\\/?s={search_term_string}\"},\"query-input\":{\"@type\":\"PropertyValueSpecification\",\"valueRequired\":true,\"valueName\":\"search_term_string\"}}],\"inLanguage\":\"fr-FR\"},{\"@type\":\"Organization\",\"@id\":\"https:\\\/\\\/immigrantquebec.com\\\/fr\\\/#organization\",\"name\":\"Immigrant Qu\u00e9bec\",\"url\":\"https:\\\/\\\/immigrantquebec.com\\\/fr\\\/\",\"logo\":{\"@type\":\"ImageObject\",\"inLanguage\":\"fr-FR\",\"@id\":\"https:\\\/\\\/immigrantquebec.com\\\/fr\\\/#\\\/schema\\\/logo\\\/image\\\/\",\"url\":\"https:\\\/\\\/immigrantquebec.com\\\/fr\\\/wp-content\\\/uploads\\\/2024\\\/03\\\/LogoIQ-2024-RVB.png\",\"contentUrl\":\"https:\\\/\\\/immigrantquebec.com\\\/fr\\\/wp-content\\\/uploads\\\/2024\\\/03\\\/LogoIQ-2024-RVB.png\",\"width\":2500,\"height\":1137,\"caption\":\"Immigrant Qu\u00e9bec\"},\"image\":{\"@id\":\"https:\\\/\\\/immigrantquebec.com\\\/fr\\\/#\\\/schema\\\/logo\\\/image\\\/\"},\"sameAs\":[\"https:\\\/\\\/www.facebook.com\\\/immigrantquebec\",\"https:\\\/\\\/x.com\\\/ImmigrantQuebec\",\"https:\\\/\\\/www.instagram.com\\\/immigrantquebec\",\"https:\\\/\\\/www.youtube.com\\\/user\\\/ImmigrantQc\"]}]}<\/script>\n<!-- \/ Yoast SEO plugin. -->","yoast_head_json":{"title":"Acc\u00e8s \u00c9tudes Qu\u00e9bec - Immigrant Qu\u00e9bec","description":"Acc\u00e8s \u00c9tudes Qu\u00e9bec a pour but de favoriser l'inscription, l'accueil et l'int\u00e9gration des \u00e9tudiants \u00e9trangers en formation professionnelle et technique au Qu\u00e9bec.","robots":{"index":"index","follow":"follow","max-snippet":"max-snippet:-1","max-image-preview":"max-image-preview:large","max-video-preview":"max-video-preview:-1"},"canonical":"https:\/\/immigrantquebec.com\/fr\/identifier\/acces-etudes-quebec\/","og_locale":"fr_FR","og_type":"article","og_title":"Acc\u00e8s \u00c9tudes Qu\u00e9bec - Immigrant Qu\u00e9bec","og_description":"Acc\u00e8s \u00c9tudes Qu\u00e9bec a pour but de favoriser l'inscription, l'accueil et l'int\u00e9gration des \u00e9tudiants \u00e9trangers en formation professionnelle et technique au Qu\u00e9bec.","og_url":"https:\/\/immigrantquebec.com\/fr\/identifier\/acces-etudes-quebec\/","og_site_name":"Immigrant Qu\u00e9bec","article_publisher":"https:\/\/www.facebook.com\/immigrantquebec","article_modified_time":"2022-03-30T17:50:08+00:00","og_image":[{"width":100,"height":100,"url":"https:\/\/immigrantquebec.com\/fr\/wp-content\/uploads\/2021\/07\/fe9ce4d3-d68d-491e-9bf1-97f99346024d.png","type":"image\/png"}],"twitter_misc":{"Dur\u00e9e de lecture estim\u00e9e":"1 minute"},"schema":{"@context":"https:\/\/schema.org","@graph":[{"@type":"WebPage","@id":"https:\/\/immigrantquebec.com\/fr\/identifier\/acces-etudes-quebec\/","url":"https:\/\/immigrantquebec.com\/fr\/identifier\/acces-etudes-quebec\/","name":"Acc\u00e8s \u00c9tudes Qu\u00e9bec - Immigrant Qu\u00e9bec","isPartOf":{"@id":"https:\/\/immigrantquebec.com\/fr\/#website"},"primaryImageOfPage":{"@id":"https:\/\/immigrantquebec.com\/fr\/identifier\/acces-etudes-quebec\/#primaryimage"},"image":{"@id":"https:\/\/immigrantquebec.com\/fr\/identifier\/acces-etudes-quebec\/#primaryimage"},"thumbnailUrl":"https:\/\/immigrantquebec.com\/fr\/wp-content\/uploads\/2021\/07\/fe9ce4d3-d68d-491e-9bf1-97f99346024d.png","datePublished":"2021-07-29T15:50:09+00:00","dateModified":"2022-03-30T17:50:08+00:00","description":"Acc\u00e8s \u00c9tudes Qu\u00e9bec a pour but de favoriser l'inscription, l'accueil et l'int\u00e9gration des \u00e9tudiants \u00e9trangers en formation professionnelle et technique au Qu\u00e9bec.","breadcrumb":{"@id":"https:\/\/immigrantquebec.com\/fr\/identifier\/acces-etudes-quebec\/#breadcrumb"},"inLanguage":"fr-FR","potentialAction":[{"@type":"ReadAction","target":["https:\/\/immigrantquebec.com\/fr\/identifier\/acces-etudes-quebec\/"]}]},{"@type":"ImageObject","inLanguage":"fr-FR","@id":"https:\/\/immigrantquebec.com\/fr\/identifier\/acces-etudes-quebec\/#primaryimage","url":"https:\/\/immigrantquebec.com\/fr\/wp-content\/uploads\/2021\/07\/fe9ce4d3-d68d-491e-9bf1-97f99346024d.png","contentUrl":"https:\/\/immigrantquebec.com\/fr\/wp-content\/uploads\/2021\/07\/fe9ce4d3-d68d-491e-9bf1-97f99346024d.png","width":100,"height":100},{"@type":"BreadcrumbList","@id":"https:\/\/immigrantquebec.com\/fr\/identifier\/acces-etudes-quebec\/#breadcrumb","itemListElement":[{"@type":"ListItem","position":1,"name":"Accueil","item":"https:\/\/immigrantquebec.com\/fr\/"},{"@type":"ListItem","position":2,"name":"Acc\u00e8s \u00c9tudes Qu\u00e9bec"}]},{"@type":"WebSite","@id":"https:\/\/immigrantquebec.com\/fr\/#website","url":"https:\/\/immigrantquebec.com\/fr\/","name":"Immigrant Qu\u00e9bec","description":"Immigrer, vivre, travailler et \u00e9tudier au Qu\u00e9bec, Canada","publisher":{"@id":"https:\/\/immigrantquebec.com\/fr\/#organization"},"potentialAction":[{"@type":"SearchAction","target":{"@type":"EntryPoint","urlTemplate":"https:\/\/immigrantquebec.com\/fr\/?s={search_term_string}"},"query-input":{"@type":"PropertyValueSpecification","valueRequired":true,"valueName":"search_term_string"}}],"inLanguage":"fr-FR"},{"@type":"Organization","@id":"https:\/\/immigrantquebec.com\/fr\/#organization","name":"Immigrant Qu\u00e9bec","url":"https:\/\/immigrantquebec.com\/fr\/","logo":{"@type":"ImageObject","inLanguage":"fr-FR","@id":"https:\/\/immigrantquebec.com\/fr\/#\/schema\/logo\/image\/","url":"https:\/\/immigrantquebec.com\/fr\/wp-content\/uploads\/2024\/03\/LogoIQ-2024-RVB.png","contentUrl":"https:\/\/immigrantquebec.com\/fr\/wp-content\/uploads\/2024\/03\/LogoIQ-2024-RVB.png","width":2500,"height":1137,"caption":"Immigrant Qu\u00e9bec"},"image":{"@id":"https:\/\/immigrantquebec.com\/fr\/#\/schema\/logo\/image\/"},"sameAs":["https:\/\/www.facebook.com\/immigrantquebec","https:\/\/x.com\/ImmigrantQuebec","https:\/\/www.instagram.com\/immigrantquebec","https:\/\/www.youtube.com\/user\/ImmigrantQc"]}]}},"_links":{"self":[{"href":"https:\/\/immigrantquebec.com\/fr\/wp-json\/wp\/v2\/wpsl_stores\/2840","targetHints":{"allow":["GET"]}}],"collection":[{"href":"https:\/\/immigrantquebec.com\/fr\/wp-json\/wp\/v2\/wpsl_stores"}],"about":[{"href":"https:\/\/immigrantquebec.com\/fr\/wp-json\/wp\/v2\/types\/wpsl_stores"}],"author":[{"embeddable":true,"href":"https:\/\/immigrantquebec.com\/fr\/wp-json\/wp\/v2\/users\/3459"}],"version-history":[{"count":0,"href":"https:\/\/immigrantquebec.com\/fr\/wp-json\/wp\/v2\/wpsl_stores\/2840\/revisions"}],"wp:featuredmedia":[{"embeddable":true,"href":"https:\/\/immigrantquebec.com\/fr\/wp-json\/wp\/v2\/media\/2841"}],"wp:attachment":[{"href":"https:\/\/immigrantquebec.com\/fr\/wp-json\/wp\/v2\/media?parent=2840"}],"wp:term":[{"taxonomy":"wpsl_store_category","embeddable":true,"href":"https:\/\/immigrantquebec.com\/fr\/wp-json\/wp\/v2\/wpsl_store_category?post=2840"}],"curies":[{"name":"wp","href":"https:\/\/api.w.org\/{rel}","templated":true}]}}